{"id":27785,"date":"2025-09-10T12:24:51","date_gmt":"2025-09-10T12:24:51","guid":{"rendered":"https:\/\/www.janach.it\/?page_id=27785"},"modified":"2026-08-25T07:07:06","modified_gmt":"2026-08-25T07:07:06","slug":"privacy-policy","status":"publish","type":"page","link":"https:\/\/www.janach.it\/it\/privacy-policy\/","title":{"rendered":"Privacy Policy"},"content":{"rendered":"<div class=\"wpb-content-wrapper\"><p>[vc_section full_width=&#8221;stretch_row_content&#8221; content_placement=&#8221;middle&#8221; css=&#8221;.vc_custom_1755038168016{padding-top: 0px !important;background-position: center !important;background-repeat: no-repeat !important;background-size: cover !important;}&#8221;][vc_row content_placement=&#8221;middle&#8221; css=&#8221;.vc_custom_1756904521722{background-image: url(https:\/\/www.janach.it\/wp-content\/uploads\/2025\/08\/header-i-nostri-marchi.png?id=196) !important;background-position: center !important;background-repeat: no-repeat !important;background-size: cover !important;}&#8221; min_height=&#8221;480px&#8221; el_class=&#8221;brand-hero&#8221;][vc_column][vc_column_text css=&#8221;.vc_custom_1757489657897{padding-right: 50px !important;}&#8221; el_class=&#8221;header-home&#8221;]<\/p>\n<h1 style=\"text-align: right;\">Privacy<\/h1>\n<h1 style=\"text-align: right;\">Policy<\/h1>\n<p>[\/vc_column_text][\/vc_column][\/vc_row][\/vc_section][vc_row el_class=&#8221;section-brand my-4 my-md-5&#8243;][vc_column][vc_column_text css=&#8221;&#8221;]<\/p>\n<h3>PRIVACY POLICY<\/h3>\n<div>La presente pagina descrive le modalit\u00e0 di gestione del sito in riferimento al trattamento dei dati personali degli utenti che lo consultano.<\/div>\n<div>\n<div>La presente informativa \u00e8 resa anche ai sensi degli articoli 13 e 14 del Regolamento (UE) 2016\/679 (GDPR) a coloro che interagiscono con i servizi web di E. JANACH SRL, accessibili per via telematica all&#8217;indirizzo www.janach.it.<\/div>\n<div>L&#8217;informativa \u00e8 fornita esclusivamente per il sito web www.janach.it di propriet\u00e0 di E. JANACH SRL e non per altri siti eventualmente consultati dall&#8217;utente tramite collegamenti esterni. <span style=\"color: inherit; font-family: inherit;\">[\/vc_column_text][vc_column_text css=&#8221;&#8221;]<\/span><\/div>\n<div><\/div>\n<\/div>\n<h3>TITOLARE DEL TRATTAMENTO<\/h3>\n<p>A seguito della consultazione di questo sito possono essere trattati dati relativi a persone identificate o identificabili.\u00a0Il Titolare del trattamento \u00e8 E. JANACH SRL, con sede legale in Via Negretti 3, Como.[\/vc_column_text][vc_column_text css=&#8221;&#8221;]<\/p>\n<h3>LUOGO DEL TRATTAMENTO DEI DATI<\/h3>\n<p>Le operazioni di trattamento connesse ai servizi web di questo sito hanno luogo presso la sede di E. JANACH SRL e sono effettuate esclusivamente da personale tecnico incaricato del trattamento oppure da soggetti incaricati di occasionali operazioni di manutenzione. Nessun dato derivante dal servizio web viene comunicato o diffuso. I dati personali forniti dagli utenti che richiedono l&#8217;invio di materiale informativo (quali newsletter, documentazione o altre comunicazioni) vengono utilizzati esclusivamente per eseguire il servizio o fornire le prestazioni richieste.[\/vc_column_text][vc_column_text css=&#8221;&#8221;]<\/p>\n<h3>TIPOLOGIA DEI DATI TRATTATI<\/h3>\n<h5>Dati di navigazione<\/h5>\n<p>I sistemi informatici e le procedure software preposte al funzionamento di questo sito acquisiscono, nel corso del loro normale funzionamento, alcuni dati personali la cui trasmissione \u00e8 implicita nell&#8217;utilizzo dei protocolli di comunicazione di Internet. Si tratta di informazioni che non vengono raccolte per essere associate a interessati identificati, ma che per loro natura potrebbero, attraverso elaborazioni e associazioni con dati detenuti da terzi, permettere di identificare gli utenti. Questa categoria di dati comprende gli indirizzi IP o i nomi a dominio dei computer utilizzati dagli utenti che si collegano al sito, gli indirizzi URI (Uniform Resource Identifier) delle risorse richieste, l&#8217;orario della richiesta, il metodo utilizzato per sottoporre la richiesta al server, la dimensione del file ottenuto in risposta, il codice numerico indicante lo stato della risposta fornita dal server (esito positivo, errore, ecc.) e altri parametri relativi al sistema operativo e all&#8217;ambiente informatico dell&#8217;utente.\u00a0 \u00a0 \u00a0 \u00a0 \u00a0 \u00a0 \u00a0 \u00a0 \u00a0 \u00a0 \u00a0 \u00a0 \u00a0 \u00a0 \u00a0 \u00a0 \u00a0 \u00a0 \u00a0 \u00a0 \u00a0 \u00a0 \u00a0 \u00a0 \u00a0 \u00a0 \u00a0 \u00a0 \u00a0 \u00a0 \u00a0 \u00a0 \u00a0 \u00a0 \u00a0 \u00a0 \u00a0 \u00a0 \u00a0 \u00a0 \u00a0 \u00a0 \u00a0 \u00a0 \u00a0 \u00a0 \u00a0 \u00a0 \u00a0 \u00a0 \u00a0 \u00a0 \u00a0 \u00a0 \u00a0 \u00a0 \u00a0 \u00a0 \u00a0 \u00a0 \u00a0 \u00a0 \u00a0 \u00a0 \u00a0 \u00a0 \u00a0 <span style=\"color: inherit; font-family: inherit;\">Tali dati vengono utilizzati esclusivamente per ottenere informazioni statistiche anonime sull&#8217;utilizzo del sito e per controllarne il corretto funzionamento. <\/span><span style=\"color: inherit; font-family: inherit;\">I dati potrebbero essere utilizzati per l&#8217;accertamento di responsabilit\u00e0 in caso di eventuali reati informatici ai danni del sito e solo su richiesta dell&#8217;Autorit\u00e0 competente.\u00a0<\/span><\/p>\n<h5>Dati forniti volontariamente dall&#8217;utente<\/h5>\n<p>L&#8217;invio facoltativo, esplicito e volontario di posta elettronica agli indirizzi indicati su questo sito comporta la successiva acquisizione dell&#8217;indirizzo del mittente, necessario per rispondere alle richieste, nonch\u00e9 degli eventuali altri dati personali inclusi nel messaggio.[\/vc_column_text][vc_column_text css=&#8221;&#8221;]<\/p>\n<h3>COOKIE<\/h3>\n<div>\n<p>Il sito non acquisisce dati personali degli utenti tramite cookie. <span style=\"color: inherit; font-family: inherit;\">Non viene fatto uso di cookie per la trasmissione di informazioni di carattere personale n\u00e9 di sistemi per il tracciamento degli utenti.<\/span><\/p>\n<div>\n<p>L&#8217;utilizzo dei cosiddetti cookie di sessione, che non vengono memorizzati in modo persistente sul dispositivo dell&#8217;utente e vengono eliminati alla chiusura del browser, \u00e8 limitato alla trasmissione di identificativi di sessione generati casualmente dal server, necessari per consentire una navigazione sicura ed efficiente del sito. I cookie di sessione utilizzati da questo sito evitano il ricorso ad altre tecnologie informatiche potenzialmente lesive della riservatezza della navigazione degli utenti e non consentono l&#8217;acquisizione di dati personali identificativi dell&#8217;utente.<span style=\"color: inherit; font-family: inherit;\">[\/vc_column_text][vc_column_text css=&#8221;&#8221;]<\/span><\/p>\n<\/div>\n<\/div>\n<h3>NATURA FACOLTATIVA DEL CONFERIMENTO DATI<\/h3>\n<p>Fatto salvo quanto specificato per i dati di navigazione, l&#8217;utente \u00e8 libero di fornire i dati personali richiesti nei moduli presenti sul sito o comunque indicati nei contatti per richiedere l&#8217;invio di materiale informativo o altre comunicazioni.<\/p>\n<div>Il mancato conferimento di tali dati potrebbe comportare l&#8217;impossibilit\u00e0 di ottenere quanto richiesto.[\/vc_column_text][vc_column_text css=&#8221;&#8221;]<\/div>\n<div><\/div>\n<h3>SEZIONE RISERVATA AI MINORI<\/h3>\n<p>Nessuna persona di et\u00e0 inferiore ai 18 anni, senza il preventivo consenso dei genitori o di chi esercita la responsabilit\u00e0 genitoriale, pu\u00f2 inviare informazioni a questo sito, effettuare acquisti o compiere atti giuridici attraverso il sito stesso, salvo quanto diversamente previsto dalla normativa applicabile.[\/vc_column_text][vc_column_text css=&#8221;&#8221;]<\/p>\n<h3>MODALIT\u00c0 DEL TRATTAMENTO DATI<\/h3>\n<p><span style=\"color: inherit; font-family: inherit;\">I dati personali sono trattati mediante strumenti automatizzati per il tempo strettamente necessario al conseguimento delle finalit\u00e0 per le quali sono stati raccolti. <\/span><span style=\"color: inherit; font-family: inherit;\">Sono adottate specifiche misure di sicurezza finalizzate a prevenire la perdita dei dati, usi illeciti o non corretti e accessi non autorizzati.<\/span>[\/vc_column_text][vc_column_text css=&#8221;&#8221;]<\/p>\n<h3>DIRITTI DEGLI INTERESSATI<\/h3>\n<div>Gli interessati hanno il diritto di ottenere in qualsiasi momento la conferma dell&#8217;esistenza o meno di dati personali che li riguardano, di conoscerne il contenuto e l&#8217;origine, verificarne l&#8217;esattezza, richiederne l&#8217;integrazione, l&#8217;aggiornamento o la rettifica, ai sensi degli articoli 15, 16, 17, 18, 19, 20, 21 e 22 del Regolamento (UE) 2016\/679. <span style=\"color: inherit; font-family: inherit;\">Gli interessati hanno inoltre il diritto di richiedere la cancellazione dei dati, la limitazione del trattamento, la trasformazione in forma anonima dei dati trattati in violazione di legge e di opporsi, per motivi legittimi, al trattamento dei dati personali che li riguardano.<\/span><\/div>\n<p>Per qualsiasi dubbio relativo all&#8217;applicazione della presente informativa sulla privacy, alla gestione dei dati personali o all&#8217;utilizzo delle informazioni raccolte da E. JANACH SRL, \u00e8 possibile contattare l&#8217;azienda all&#8217;indirizzo e-mail:\u00a0<a href=\"mailto:janach@janach.it\">janach@janach.it<\/a>[\/vc_column_text][\/vc_column][\/vc_row]<\/p>\n<\/div>","protected":false},"excerpt":{"rendered":"<p>[vc_section full_width=&#8221;stretch_row_content&#8221; content_placement=&#8221;middle&#8221; css=&#8221;.vc_custom_1755038168016{padding-top: 0px !important;background-position: center !important;background-repeat: no-repeat !important;background-size: cover !important;}&#8221;][vc_row content_placement=&#8221;middle&#8221; css=&#8221;.vc_custom_1756904521722{background-image: url(https:\/\/www.janach.it\/wp-content\/uploads\/2025\/08\/header-i-nostri-marchi.png?id=196) !important;background-position: center !important;background-repeat: no-repeat !important;background-size: cover !important;}&#8221; min_height=&#8221;480px&#8221; el_class=&#8221;brand-hero&#8221;][vc_column][vc_column_text css=&#8221;.vc_custom_1757489657897{padding-right: 50px !important;}&#8221; el_class=&#8221;header-home&#8221;] Privacy Policy [\/vc_column_text][\/vc_column][\/vc_row][\/vc_section][vc_row el_class=&#8221;section-brand my-4 my-md-5&#8243;][vc_column][vc_column_text css=&#8221;&#8221;] PRIVACY POLICY La presente pagina descrive le modalit\u00e0 di gestione del sito in riferimento al trattamento dei dati personali degli [&hellip;]<\/p>\n","protected":false},"author":1,"featured_media":0,"parent":0,"menu_order":0,"comment_status":"closed","ping_status":"closed","template":"page-templates\/page-sidebar-none.php","meta":{"footnotes":""},"class_list":["post-27785","page","type-page","status-publish","hentry"],"yoast_head":"<!-- This site is optimized with the Yoast SEO plugin v28.4 - https:\/\/yoast.com\/product\/yoast-seo-wordpress\/ -->\n<title>Privacy Policy<\/title>\n<meta name=\"robots\" content=\"index, follow, max-snippet:-1, max-image-preview:large, max-video-preview:-1\" \/>\n<link rel=\"canonical\" href=\"https:\/\/www.janach.it\/it\/privacy-policy\/\" \/>\n<meta property=\"og:locale\" content=\"it_IT\" \/>\n<meta property=\"og:locale:alternate\" content=\"en_GB\" \/>\n<meta property=\"og:type\" content=\"article\" \/>\n<meta property=\"og:title\" content=\"Privacy Policy\" \/>\n<meta property=\"og:description\" content=\"[vc_section full_width=&#8221;stretch_row_content&#8221; content_placement=&#8221;middle&#8221; css=&#8221;.vc_custom_1755038168016{padding-top: 0px !important;background-position: center !important;background-repeat: no-repeat !important;background-size: cover !important;}&#8221;][vc_row content_placement=&#8221;middle&#8221; css=&#8221;.vc_custom_1756904521722{background-image: url(https:\/\/www.janach.it\/wp-content\/uploads\/2025\/08\/header-i-nostri-marchi.png?id=196) !important;background-position: center !important;background-repeat: no-repeat !important;background-size: cover !important;}&#8221; min_height=&#8221;480px&#8221; el_class=&#8221;brand-hero&#8221;][vc_column][vc_column_text css=&#8221;.vc_custom_1757489657897{padding-right: 50px !important;}&#8221; el_class=&#8221;header-home&#8221;] Privacy Policy [\/vc_column_text][\/vc_column][\/vc_row][\/vc_section][vc_row el_class=&#8221;section-brand my-4 my-md-5&#8243;][vc_column][vc_column_text css=&#8221;&#8221;] PRIVACY POLICY La presente pagina descrive le modalit\u00e0 di gestione del sito in riferimento al trattamento dei dati personali degli [&hellip;]\" \/>\n<meta property=\"og:url\" content=\"https:\/\/www.janach.it\/it\/privacy-policy\/\" \/>\n<meta property=\"og:site_name\" content=\"Janach\" \/>\n<meta property=\"article:modified_time\" content=\"2026-08-25T07:07:06+00:00\" \/>\n<meta name=\"twitter:card\" content=\"summary_large_image\" \/>\n<meta name=\"twitter:label1\" content=\"Tempo di lettura stimato\" \/>\n\t<meta name=\"twitter:data1\" content=\"4 minuti\" \/>\n<script type=\"application\/ld+json\" class=\"yoast-schema-graph\">{\"@context\":\"https:\\\/\\\/schema.org\",\"@graph\":[{\"@type\":\"WebPage\",\"@id\":\"https:\\\/\\\/www.janach.it\\\/it\\\/privacy-policy\\\/\",\"url\":\"https:\\\/\\\/www.janach.it\\\/it\\\/privacy-policy\\\/\",\"name\":\"Privacy Policy\",\"isPartOf\":{\"@id\":\"https:\\\/\\\/www.janach.it\\\/#website\"},\"datePublished\":\"2025-09-10T12:24:51+00:00\",\"dateModified\":\"2026-08-25T07:07:06+00:00\",\"breadcrumb\":{\"@id\":\"https:\\\/\\\/www.janach.it\\\/it\\\/privacy-policy\\\/#breadcrumb\"},\"inLanguage\":\"it-IT\",\"potentialAction\":[{\"@type\":\"ReadAction\",\"target\":[\"https:\\\/\\\/www.janach.it\\\/it\\\/privacy-policy\\\/\"]}]},{\"@type\":\"BreadcrumbList\",\"@id\":\"https:\\\/\\\/www.janach.it\\\/it\\\/privacy-policy\\\/#breadcrumb\",\"itemListElement\":[{\"@type\":\"ListItem\",\"position\":1,\"name\":\"Home\",\"item\":\"https:\\\/\\\/www.janach.it\\\/it\\\/\"},{\"@type\":\"ListItem\",\"position\":2,\"name\":\"Privacy Policy\"}]},{\"@type\":\"WebSite\",\"@id\":\"https:\\\/\\\/www.janach.it\\\/#website\",\"url\":\"https:\\\/\\\/www.janach.it\\\/\",\"name\":\"Janach\",\"description\":\"\",\"potentialAction\":[{\"@type\":\"SearchAction\",\"target\":{\"@type\":\"EntryPoint\",\"urlTemplate\":\"https:\\\/\\\/www.janach.it\\\/?s={search_term_string}\"},\"query-input\":{\"@type\":\"PropertyValueSpecification\",\"valueRequired\":true,\"valueName\":\"search_term_string\"}}],\"inLanguage\":\"it-IT\"}]}<\/script>\n<!-- \/ Yoast SEO plugin. -->","yoast_head_json":{"title":"Privacy Policy","robots":{"index":"index","follow":"follow","max-snippet":"max-snippet:-1","max-image-preview":"max-image-preview:large","max-video-preview":"max-video-preview:-1"},"canonical":"https:\/\/www.janach.it\/it\/privacy-policy\/","og_locale":"it_IT","og_type":"article","og_title":"[:en]Privacy Policy[:it]Privacy Policy[:] - Janach","og_description":"[vc_section full_width=&#8221;stretch_row_content&#8221; content_placement=&#8221;middle&#8221; css=&#8221;.vc_custom_1755038168016{padding-top: 0px !important;background-position: center !important;background-repeat: no-repeat !important;background-size: cover !important;}&#8221;][vc_row content_placement=&#8221;middle&#8221; css=&#8221;.vc_custom_1756904521722{background-image: url(https:\/\/www.janach.it\/wp-content\/uploads\/2025\/08\/header-i-nostri-marchi.png?id=196) !important;background-position: center !important;background-repeat: no-repeat !important;background-size: cover !important;}&#8221; min_height=&#8221;480px&#8221; el_class=&#8221;brand-hero&#8221;][vc_column][vc_column_text css=&#8221;.vc_custom_1757489657897{padding-right: 50px !important;}&#8221; el_class=&#8221;header-home&#8221;] Privacy Policy [\/vc_column_text][\/vc_column][\/vc_row][\/vc_section][vc_row el_class=&#8221;section-brand my-4 my-md-5&#8243;][vc_column][vc_column_text css=&#8221;&#8221;] PRIVACY POLICY La presente pagina descrive le modalit\u00e0 di gestione del sito in riferimento al trattamento dei dati personali degli [&hellip;]","og_url":"https:\/\/www.janach.it\/it\/privacy-policy\/","og_site_name":"Janach","article_modified_time":"2026-08-25T07:07:06+00:00","twitter_card":"summary_large_image","twitter_misc":{"Tempo di lettura stimato":"4 minuti"},"schema":{"@context":"https:\/\/schema.org","@graph":[{"@type":"WebPage","@id":"https:\/\/www.janach.it\/it\/privacy-policy\/","url":"https:\/\/www.janach.it\/it\/privacy-policy\/","name":"Privacy Policy","isPartOf":{"@id":"https:\/\/www.janach.it\/#website"},"datePublished":"2025-09-10T12:24:51+00:00","dateModified":"2026-08-25T07:07:06+00:00","breadcrumb":{"@id":"https:\/\/www.janach.it\/it\/privacy-policy\/#breadcrumb"},"inLanguage":"it-IT","potentialAction":[{"@type":"ReadAction","target":["https:\/\/www.janach.it\/it\/privacy-policy\/"]}]},{"@type":"BreadcrumbList","@id":"https:\/\/www.janach.it\/it\/privacy-policy\/#breadcrumb","itemListElement":[{"@type":"ListItem","position":1,"name":"Home","item":"https:\/\/www.janach.it\/it\/"},{"@type":"ListItem","position":2,"name":"Privacy Policy"}]},{"@type":"WebSite","@id":"https:\/\/www.janach.it\/#website","url":"https:\/\/www.janach.it\/","name":"Janach","description":"","potentialAction":[{"@type":"SearchAction","target":{"@type":"EntryPoint","urlTemplate":"https:\/\/www.janach.it\/?s={search_term_string}"},"query-input":{"@type":"PropertyValueSpecification","valueRequired":true,"valueName":"search_term_string"}}],"inLanguage":"it-IT"}]}},"_links":{"self":[{"href":"https:\/\/www.janach.it\/it\/wp-json\/wp\/v2\/pages\/27785","targetHints":{"allow":["GET"]}}],"collection":[{"href":"https:\/\/www.janach.it\/it\/wp-json\/wp\/v2\/pages"}],"about":[{"href":"https:\/\/www.janach.it\/it\/wp-json\/wp\/v2\/types\/page"}],"author":[{"embeddable":true,"href":"https:\/\/www.janach.it\/it\/wp-json\/wp\/v2\/users\/1"}],"replies":[{"embeddable":true,"href":"https:\/\/www.janach.it\/it\/wp-json\/wp\/v2\/comments?post=27785"}],"version-history":[{"count":9,"href":"https:\/\/www.janach.it\/it\/wp-json\/wp\/v2\/pages\/27785\/revisions"}],"predecessor-version":[{"id":37212,"href":"https:\/\/www.janach.it\/it\/wp-json\/wp\/v2\/pages\/27785\/revisions\/37212"}],"wp:attachment":[{"href":"https:\/\/www.janach.it\/it\/wp-json\/wp\/v2\/media?parent=27785"}],"curies":[{"name":"wp","href":"https:\/\/api.w.org\/{rel}","templated":true}]}}